{"id":24,"date":"2016-12-14T11:11:11","date_gmt":"2016-12-14T10:11:11","guid":{"rendered":"http:\/\/themes.uxbarn.com\/wp\/finnik-dummy\/?page_id=24"},"modified":"2021-07-26T09:43:52","modified_gmt":"2021-07-26T07:43:52","slug":"o-mne-fotenie-fotograf-rodinne-fotky-svadby-portrety","status":"publish","type":"page","link":"https:\/\/artbono.com\/?page_id=24","title":{"rendered":"Andy"},"content":{"rendered":"<p style=\"text-align: center;\">Na \u00favod by som sa r\u00e1d predstavil. Vol\u00e1m sa Andrej a som chalan poch\u00e1dzaj\u00faci z dedinky pri Trnave. Ur\u010dite v\u00e1m pri prehliadan\u00ed tejto str\u00e1nky neuniklo, \u017ee som fotograf.<\/p>\n<p style=\"text-align: center;\">Fotografia je pre m\u0148a sp\u00f4sob vyjadrenia my\u0161lienok, pocitov a zachytenie najvz\u00e1cnej\u0161\u00edch chv\u00ed\u013e v \u017eivote. Z vo\u013en\u00e9ho pobehovania s fo\u0165\u00e1kom v ruke sa tento kon\u00ed\u010dek stal i mojou pr\u00e1cou.<\/p>\n<p style=\"text-align: center;\">Moje najob\u013e\u00fabenej\u0161ie a tie\u017e naj\u010dastej\u0161ie \u017e\u00e1nre, ktor\u00fdm sa venujem, s\u00fa portr\u00e9ty, svadobn\u00e1, detsk\u00e1, m\u00f3dna a umeleck\u00e1 fotografia. R\u00e1d dokumentujem aj no\u010dn\u00fa oblohu a ob\u010das aj krajinu.<\/p>\n<p style=\"text-align: center;\">Ka\u017ed\u00fa z fotografi\u00ed, ktor\u00fa m\u00f4\u017eete vidie\u0165 v mojej gal\u00e9rii, som upravoval (retu\u0161oval) v profesion\u00e1lnom softv\u00e9ri od Nikonu. Je to \u010fal\u0161ia z mojich v\u00e1\u0161n\u00ed, ktor\u00e1 k fotke neodmyslite\u013ene patr\u00ed. Nu\u017e, a aby toho nebolo m\u00e1lo, zaober\u00e1m sa tvorbou bannerov pre weby, dizajnom a grafikou. Jednou z mojich pr\u00e1c je napr\u00edklad aj tento web.<\/p>\n<p style=\"text-align: center;\">V skratke by som s\u00e1m seba zhrnul asi takto: chalan, ktor\u00fd sa bez fotoapar\u00e1tu nepohne ani na krok, ka\u017edej my\u0161lienke a fant\u00e1zii dod\u00e1 tvar. A fotografia je pre m\u0148a m\u00e9dium, v\u010faka ktor\u00e9mu to dok\u00e1\u017eem natrvalo zhmotni\u0165.<\/p>\n<h6><img loading=\"lazy\" class=\"wp-image-147  aligncenter\" src=\"https:\/\/artbono.com\/wp-content\/uploads\/2021\/05\/log.png\" alt=\"\" width=\"350\" height=\"93\" srcset=\"https:\/\/artbono.com\/wp-content\/uploads\/2021\/05\/log.png 300w, https:\/\/artbono.com\/wp-content\/uploads\/2021\/05\/log-280x75.png 280w\" sizes=\"(max-width: 350px) 100vw, 350px\" \/><\/h6>\n\n\n<figure class=\"wp-block-pullquote\"><blockquote><p><strong>V\u0161etky pr\u00e1va vyhraden\u00e9. Autorom a v\u00fdlu\u010dn\u00fdm vlastn\u00edkom v\u0161etk\u00fdch fotografi\u00ed na webovej str\u00e1nke, Facebookovom profile, Instagramovom profile \u010di inej sieti uvedenej na tejto webovej str\u00e1nke je spolo\u010dnos\u0165 Art Bono  a jej konatelia.<\/strong><\/p><p><strong>Z\u00e1kazn\u00edci objednan\u00edm slu\u017eieb s\u00fahlasia so v\u0161etk\u00fdmi podmienkami a uvedomuj\u00fa si, \u017ee v\u00fdsledn\u00e1 tvorba a \u00faprava je subjekt\u00edvnou du\u0161evnou tvorbou fotografa ako umelca a s\u00fa obozn\u00e1men\u00ed s referen\u010dnou tvorbou z webov\u00fdch str\u00e1nok spolo\u010dnosti.<\/strong><\/p><p><strong>V pr\u00edpade pou\u017eitia fotografi\u00ed bez zmluvn\u00e9ho s\u00fahlasu spolo\u010dnosti Art Bono na komer\u010dn\u00e9 \u010di in\u00e9 pr\u00edbuzn\u00e9 \u00fa\u010dely bude toto konanie vyhodnoten\u00e9 ako naru\u0161enie autorsk\u00fdch pr\u00e1v majite\u013ea a z toho vyvoden\u00e9 pr\u00e1vne d\u00f4sledky pod\u013ea autorsk\u00e9ho z\u00e1kona Slovenskej Republiky.<\/strong><\/p><p><strong>\u00a9  Art Bono <\/strong><\/p><\/blockquote><\/figure>\n","protected":false},"excerpt":{"rendered":"<p>Na \u00favod by som sa r\u00e1d predstavil. Vol\u00e1m sa Andrej a som chalan poch\u00e1dzaj\u00faci z dedinky pri Trnave. Ur\u010dite v\u00e1m pri prehliadan\u00ed tejto str\u00e1nky neuniklo, \u017ee som fotograf. Fotografia je pre m\u0148a sp\u00f4sob vyjadrenia my\u0161lienok, pocitov a zachytenie najvz\u00e1cnej\u0161\u00edch chv\u00ed\u013e v \u017eivote. Z vo\u013en\u00e9ho pobehovania s fo\u0165\u00e1kom v ruke sa tento kon\u00ed\u010dek stal i mojou &#8230; <\/p>\n","protected":false},"author":1,"featured_media":150,"parent":0,"menu_order":0,"comment_status":"closed","ping_status":"closed","template":"","meta":{"_monsterinsights_skip_tracking":false,"_monsterinsights_sitenote_active":false,"_monsterinsights_sitenote_note":"","_monsterinsights_sitenote_category":0},"yoast_head":"<!-- This site is optimized with the Yoast SEO plugin v16.2 - https:\/\/yoast.com\/wordpress\/plugins\/seo\/ -->\n<title>Andy - Bono<\/title>\n<meta name=\"description\" content=\"fotenie-fotograf- rodinne - fotky - svadby - portr\u00e9ty - Trnava - Bratislava - ateli\u00e9r - nikon - profesion\u00e1lny fotograf\" \/>\n<meta name=\"robots\" content=\"index, follow, max-snippet:-1, max-image-preview:large, max-video-preview:-1\" \/>\n<link rel=\"canonical\" href=\"https:\/\/artbono.com\/?page_id=24\" \/>\n<meta property=\"og:locale\" content=\"sk_SK\" \/>\n<meta property=\"og:type\" content=\"article\" \/>\n<meta property=\"og:title\" content=\"Andy - Bono\" \/>\n<meta property=\"og:description\" content=\"fotenie-fotograf- rodinne - fotky - svadby - portr\u00e9ty - Trnava - Bratislava - ateli\u00e9r - nikon - profesion\u00e1lny fotograf\" \/>\n<meta property=\"og:url\" content=\"https:\/\/artbono.com\/?page_id=24\" \/>\n<meta property=\"og:site_name\" content=\"Bono\" \/>\n<meta property=\"article:modified_time\" content=\"2021-07-26T07:43:52+00:00\" \/>\n<meta property=\"og:image\" content=\"https:\/\/artbono.com\/wp-content\/uploads\/2021\/05\/cropped-ja-ateleir-scaled-1.jpg\" \/>\n\t<meta property=\"og:image:width\" content=\"512\" \/>\n\t<meta property=\"og:image:height\" content=\"512\" \/>\n<meta name=\"twitter:card\" content=\"summary_large_image\" \/>\n<meta name=\"twitter:label1\" content=\"Predpokladan\u00fd \u010das \u010d\u00edtania\">\n\t<meta name=\"twitter:data1\" content=\"2 min\u00faty\">\n<script type=\"application\/ld+json\" class=\"yoast-schema-graph\">{\"@context\":\"https:\/\/schema.org\",\"@graph\":[{\"@type\":\"WebSite\",\"@id\":\"https:\/\/artbono.com\/#website\",\"url\":\"https:\/\/artbono.com\/\",\"name\":\"Bono\",\"description\":\"Fotograf, fotografovanie\",\"potentialAction\":[{\"@type\":\"SearchAction\",\"target\":\"https:\/\/artbono.com\/?s={search_term_string}\",\"query-input\":\"required name=search_term_string\"}],\"inLanguage\":\"sk-SK\"},{\"@type\":\"ImageObject\",\"@id\":\"https:\/\/artbono.com\/?page_id=24#primaryimage\",\"inLanguage\":\"sk-SK\",\"url\":\"https:\/\/artbono.com\/wp-content\/uploads\/2021\/05\/cropped-ja-ateleir-scaled-1.jpg\",\"contentUrl\":\"https:\/\/artbono.com\/wp-content\/uploads\/2021\/05\/cropped-ja-ateleir-scaled-1.jpg\",\"width\":512,\"height\":512},{\"@type\":\"WebPage\",\"@id\":\"https:\/\/artbono.com\/?page_id=24#webpage\",\"url\":\"https:\/\/artbono.com\/?page_id=24\",\"name\":\"Andy - Bono\",\"isPartOf\":{\"@id\":\"https:\/\/artbono.com\/#website\"},\"primaryImageOfPage\":{\"@id\":\"https:\/\/artbono.com\/?page_id=24#primaryimage\"},\"datePublished\":\"2016-12-14T10:11:11+00:00\",\"dateModified\":\"2021-07-26T07:43:52+00:00\",\"description\":\"fotenie-fotograf- rodinne - fotky - svadby - portr\\u00e9ty - Trnava - Bratislava - ateli\\u00e9r - nikon - profesion\\u00e1lny fotograf\",\"breadcrumb\":{\"@id\":\"https:\/\/artbono.com\/?page_id=24#breadcrumb\"},\"inLanguage\":\"sk-SK\",\"potentialAction\":[{\"@type\":\"ReadAction\",\"target\":[\"https:\/\/artbono.com\/?page_id=24\"]}]},{\"@type\":\"BreadcrumbList\",\"@id\":\"https:\/\/artbono.com\/?page_id=24#breadcrumb\",\"itemListElement\":[{\"@type\":\"ListItem\",\"position\":1,\"item\":{\"@type\":\"WebPage\",\"@id\":\"https:\/\/artbono.com\/\",\"url\":\"https:\/\/artbono.com\/\",\"name\":\"Home\"}},{\"@type\":\"ListItem\",\"position\":2,\"item\":{\"@id\":\"https:\/\/artbono.com\/?page_id=24#webpage\"}}]}]}<\/script>\n<!-- \/ Yoast SEO plugin. -->","_links":{"self":[{"href":"https:\/\/artbono.com\/index.php?rest_route=\/wp\/v2\/pages\/24"}],"collection":[{"href":"https:\/\/artbono.com\/index.php?rest_route=\/wp\/v2\/pages"}],"about":[{"href":"https:\/\/artbono.com\/index.php?rest_route=\/wp\/v2\/types\/page"}],"author":[{"embeddable":true,"href":"https:\/\/artbono.com\/index.php?rest_route=\/wp\/v2\/users\/1"}],"replies":[{"embeddable":true,"href":"https:\/\/artbono.com\/index.php?rest_route=%2Fwp%2Fv2%2Fcomments&post=24"}],"version-history":[{"count":6,"href":"https:\/\/artbono.com\/index.php?rest_route=\/wp\/v2\/pages\/24\/revisions"}],"predecessor-version":[{"id":907,"href":"https:\/\/artbono.com\/index.php?rest_route=\/wp\/v2\/pages\/24\/revisions\/907"}],"wp:featuredmedia":[{"embeddable":true,"href":"https:\/\/artbono.com\/index.php?rest_route=\/wp\/v2\/media\/150"}],"wp:attachment":[{"href":"https:\/\/artbono.com\/index.php?rest_route=%2Fwp%2Fv2%2Fmedia&parent=24"}],"curies":[{"name":"wp","href":"https:\/\/api.w.org\/{rel}","templated":true}]}}